{"id":444,"date":"2020-06-17T11:02:44","date_gmt":"2020-06-17T11:02:44","guid":{"rendered":"http:\/\/grazalemaguide.com\/quehacerenlasierras\/?page_id=444"},"modified":"2020-06-17T11:15:47","modified_gmt":"2020-06-17T11:15:47","slug":"olvera","status":"publish","type":"page","link":"https:\/\/grazalemaguide.com\/quehacerenlasierras\/olvera\/","title":{"rendered":"Olvera"},"content":{"rendered":"\n<div class=\"wp-block-image\"><figure class=\"alignleft size-large is-resized\"><img decoding=\"async\" src=\"https:\/\/grazalemaguide.com\/quehacerenlasierras\/wp-content\/uploads\/sites\/2\/2020\/06\/Escudo-Olvera.png\" alt=\"Escudo Olvera\" class=\"wp-image-446\" width=\"250\" srcset=\"https:\/\/grazalemaguide.com\/quehacerenlasierras\/wp-content\/uploads\/sites\/2\/2020\/06\/Escudo-Olvera.png 800w, https:\/\/grazalemaguide.com\/quehacerenlasierras\/wp-content\/uploads\/sites\/2\/2020\/06\/Escudo-Olvera-237x300.png 237w, https:\/\/grazalemaguide.com\/quehacerenlasierras\/wp-content\/uploads\/sites\/2\/2020\/06\/Escudo-Olvera-768x973.png 768w\" sizes=\"(max-width: 800px) 100vw, 800px\" \/><figcaption>De User:MiguelAngel fotografo (Taller de Her\u00e1ldica y Vexilolog\u00eda in the Spanish Wikipedia ) &#8211; Trabajo propio, CC BY-SA 4.0, https:\/\/commons.wikimedia.org\/w\/index.php?curid=3971639<\/figcaption><\/figure><\/div>\n\n\n\n<p>Olvera es un municipio de la provincia de C\u00e1diz y dentro del partido judicial de Arcos de la Frontera. <\/p>\n\n\n\n<p>&#8220;Puerta de la Ruta de los Pueblos Blancos&#8221;,\u200b Olvera est\u00e1 situada al noreste de la serran\u00eda gaditana, siendo fronteriza con las provincias de Sevilla y M\u00e1laga.<\/p>\n\n\n\n<p>Por el t\u00e9rmino municipal de Olvera trascurre la V\u00eda Verde de la Sierra, la \u00fanica ruta declarada de inter\u00e9s tur\u00edstico de Andaluc\u00eda. Tambi\u00e9n ha sido considerada la mejor v\u00eda verde de Europa en los a\u00f1os 2005 y 2009. Asimismo dentro del territorio olvere\u00f1o se encuentra la reserva natural del Pe\u00f1\u00f3n de Zaframag\u00f3n que destaca por ser la mayor anidaci\u00f3n de buitres leonados de Andaluc\u00eda y una de las mayores de Europa.<\/p>\n\n\n\n<p>La localidad se encuentra declarada conjunto hist\u00f3rico-art\u00edstico desde el a\u00f1o 1983, contando con varios monumentos civiles y religiosos de gran valor art\u00edstico y arquitect\u00f3nicos.<\/p>\n\n\n\n<p>Tambi\u00e9n cuenta con varias fiestas declaradas de Inter\u00e9s Tur\u00edstico como la Semana Santa o el Lunes de Quasimodo, 16\u200b15\u200b siendo esta la romer\u00eda m\u00e1s antigua de la provincia de C\u00e1diz.<\/p>\n\n\n\n<p><a href=\"https:\/\/es.wikipedia.org\/wiki\/Olvera\" target=\"_blank\" rel=\"noreferrer noopener\">M\u00e1s informaci\u00f3n en Wikipedia.<\/a><br><\/p>\n\n\n\n<h4 class=\"wp-block-heading\">Ayuntamiento<\/h4>\n\n\n\n<p>Web: <a href=\"https:\/\/www.olvera.es\/index.php\/es\/\" target=\"_blank\" rel=\"noreferrer noopener\">https:\/\/www.olvera.es\/index.php\/es\/<\/a><br>Facebook: <a href=\"https:\/\/es.wikipedia.org\/wiki\/Olvera\" target=\"_blank\" rel=\"noreferrer noopener\">https:\/\/es.wikipedia.org\/wiki\/Olvera<\/a><\/p>\n\n\n\n<hr class=\"wp-block-separator has-text-color has-background has-green-background-color has-green-color\"\/>\n\n\n\n<h4 class=\"wp-block-heading\">Alojamientos en Olvera<\/h4>\n\n\n<p>[booking_product_helper shortname=&#8221;olvera&#8221;]<\/p>\n\n\n\n<hr class=\"wp-block-separator has-text-color has-background has-green-background-color has-green-color\"\/>\n\n\n\n<h4 class=\"wp-block-heading\">Fiestas.<\/h4>\n\n\n\n<p><strong>Carnaval:<\/strong> Comienza el Fin de semana anterior al Mi\u00e9rcoles de Ceniza con el preg\u00f3n y la elecci\u00f3n de las Diosas y Ninfas del Carnaval. Durante toda la semana se realizan diferentes pasacalles, actuaci\u00f3n de chirigotas, etc. Acaba el &#8220;Domingo de Pi\u00f1ata&#8221; con una gran cabalgata y un concurso de disfraces.<\/p>\n\n\n\n<h6 class=\"wp-block-heading\">Semana Santa<\/h6>\n\n\n\n<p>La Semana Santa en Olvera es uno de los m\u00e1s importantes acontecimientos que se produce cada a\u00f1o en la ciudad, desde el punto de vista religioso, celebr\u00e1ndose en la semana del primer plenilunio de la primavera. Declarada de Inter\u00e9s Tur\u00edstico Nacional de Andaluc\u00eda. Las diferentes procesiones y hermandades que realizan estaci\u00f3n de penitencia durante toda la semana son:<\/p>\n\n\n\n<ul class=\"wp-block-list\"><li><strong>Domingo de Ramos<\/strong>: El primer d\u00eda de la Semana Santa procesiona por las calles de Olvera la procesi\u00f3n de la &#8220;burrita&#8221;. Esta procesi\u00f3n est\u00e1 acompa\u00f1ada por ni\u00f1os y ni\u00f1as de las diferentes cofrad\u00edas de la ciudad portando palmas y ramas de olivo.<\/li><li><strong>Lunes Santo:<\/strong> Procesiona desde el barrio del Socorro, la Hermandad de Nuestro Padre Jes\u00fas Cautivo y Nuestra Se\u00f1ora del Socorro, los nazarenos visten con t\u00fanica y antifaz beige.<\/li><li><strong>Martes Santo:<\/strong> Se realiza en la localidad la procesi\u00f3n de la penitencia. Como es tradici\u00f3n desde el siglo XV, en esta procesi\u00f3n \u00fanicamente participan hombres, adem\u00e1s no lleva acompa\u00f1amiento musical.<\/li><li><strong>Mi\u00e9rcoles Santo:<\/strong> V\u00eda Crucis del Cristo del Amor, el Cristo del Amor es una talla an\u00f3nima del siglo XVIII.<\/li><li><strong>Jueves Santo:<\/strong> La jornada comienza por la madrugada con la salida de la hermandad de Nuestro Padre Jes\u00fas Nazareno y Nuestra Se\u00f1ora de los Dolores, los nazarenos visten con t\u00fanica y antifaz morado, acompa\u00f1ado de capa blanca. Esa misma tarde realiza estaci\u00f3n penitencial la cofrad\u00eda del Sant\u00edsimo Cristo de la Vera-Cruz, Mar\u00eda Sant\u00edsima de la Esperanza y San Juan Evangelista, esta cofrad\u00eda es la m\u00e1s antigua de Olvera y tiene como colores, el verde de la t\u00fanica y el antifaz y el blanco de la capa.<\/li><li><strong>Viernes Santo:<\/strong> Desfila por las calles del municipio otra de las cofrad\u00edas que m\u00e1s fervor levanta, Hermandad del Santo Entierro de Nuestro Se\u00f1or Jesucristo Yacente y Mar\u00eda Sant\u00edsima de la Soledad. Esta viste de blanco en la t\u00fanica y de negro en antifaz y capa.<\/li><\/ul>\n\n\n\n<h6 class=\"wp-block-heading\">Lunes de Quasimodo<\/h6>\n\n\n\n<p>Celebr\u00e1ndose el segundo Lunes despu\u00e9s del Domingo de Resurecci\u00f3n en los aleda\u00f1os de la ermita de Nuestra Se\u00f1ora de los Remedios. Se trata de la Romer\u00eda m\u00e1s antigua de la provincia de C\u00e1diz, celebr\u00e1ndose desde 1715, para dar gracias por las lluvias que pusieron fin a una prolongada y terrible sequ\u00eda en 1715. Est\u00e1 declarada de Inter\u00e9s Tur\u00edstico Nacional de Andaluc\u00eda.\u200b<\/p>\n\n\n\n<h6 class=\"wp-block-heading\">Feria del ganado<\/h6>\n\n\n\n<p>Se celebra los d\u00edas 17, 18 y 19 de mayo. Nace en 1930 aunque debido a la Guerra Civil la primera feria no se celebra hasta el a\u00f1o 1935. A diferencia de la Fer\u00eda de San Agust\u00edn, es el ayuntamiento quien autoriza la celebraci\u00f3n de esta feria. En sus primeros a\u00f1os aparte de la feria de ganado estuvo acompa\u00f1ada de diversos festejos. A partir de los a\u00f1os 60 se limita \u00fanicamente al aspecto ganadero, sobre todo a la compra-venta de ganado equino.<\/p>\n\n\n\n<h6 class=\"wp-block-heading\">Corpus Christi<\/h6>\n\n\n\n<p>La actual fiesta del Corpus Christi data del S.XIII aunque en Olvera empieza a celebrarse a principios del S.XVI. En los \u00faltimos a\u00f1os ha tomado importancia el exorno de las calles por donde pasa la procesi\u00f3n cubriendo con palmas, adelfas y flores las paredes, balcones y cierros de las casas y esparciendo juncia por el suelo.<\/p>\n\n\n\n<h6 class=\"wp-block-heading\">Festividad de Ntra. Sra. de los Remedios<\/h6>\n\n\n\n<p> El 15 de agosto se celebra la festividad de la Patrona de Olvera, Ntra. Sra. de los Remedios, coincidiendo con la festividad de la Asunci\u00f3n de la Virgen. El 15 de agosto de 1966 se aprovecha para realizar la coronaci\u00f3n can\u00f3nica de la Virgen de los Remedios.<\/p>\n\n\n\n<h6 class=\"wp-block-heading\">Real Feria y fiestas de San Agust\u00edn<\/h6>\n\n\n\n<p>Se celebra del 27 al 31 de agosto. En 1710, siendo corregidor Don Juan Francisco de Carvajal y Delgado, acuerda el cabildo solicitar a Felipe V la concesi\u00f3n de una feria para el d\u00eda de San Agust\u00edn, porque el rey hab\u00eda prometido mercedes y privilegios a las villas que ayudasen a sus tropas, y Olvera hab\u00eda aportado ocho caballos. El rey otorga la merced pedida, y en 1715 la nueva feria se extenderer\u00eda a los d\u00edas 28, 29 y 30 de agosto.\u200b A lo largo de su historia la feria ha tenido diferentes emplazamientos realizando desde el a\u00f1o 2009 en un recinto ferial situado junto al I.E.S Zaframag\u00f3n,\u200b en una superficie aproximada de m\u00e1s de 25.000 m2.<\/p>\n\n\n\n<hr class=\"wp-block-separator has-text-color has-background has-green-background-color has-green-color\"\/>\n\n\n\n<h6 class=\"wp-block-heading\">\u00bfQu\u00e9 hacer en las Sierras, Serran\u00edas y sus pueblos?<\/h6>\n\n\n\n<p>Ferias, fiestas, recreaciones hist\u00f3ricas, rutas de tapas, teatro, rally, deportes, gu\u00edas y actividades<\/p>\n\n\n\n<p><a href=\"https:\/\/grazalemaguide.com\/quehacerenlasierras\/\">Ver el Calendario de Eventos aqui.<\/a><\/p>\n","protected":false},"excerpt":{"rendered":"<p>Olvera es un municipio de la provincia de C\u00e1diz y dentro del partido judicial de Arcos de la Frontera. &#8220;Puerta de la Ruta de los Pueblos Blancos&#8221;,\u200b Olvera est\u00e1 situada al noreste de la serran\u00eda gaditana, siendo fronteriza con las provincias de Sevilla y M\u00e1laga. Por el t\u00e9rmino municipal de Olvera trascurre la V\u00eda Verde &hellip; <a href=\"https:\/\/grazalemaguide.com\/quehacerenlasierras\/olvera\/\" class=\"more-link\">Continue reading <span class=\"screen-reader-text\">Olvera<\/span> <span class=\"meta-nav\">&rarr;<\/span><\/a><\/p>\n","protected":false},"author":1,"featured_media":447,"parent":0,"menu_order":0,"comment_status":"open","ping_status":"closed","template":"","meta":{"footnotes":""},"class_list":["post-444","page","type-page","status-publish","has-post-thumbnail","hentry"],"yoast_head":"<!-- This site is optimized with the Yoast SEO plugin v27.5 - https:\/\/yoast.com\/product\/yoast-seo-wordpress\/ -->\n<title>Olvera - Calendario de eventos en las sierras, serran\u00edas y sus pueblos<\/title>\n<meta name=\"description\" content=\"Puerta de la Ruta de los Pueblos Blancos,\u200b Olvera est\u00e1 situada al noreste de la serran\u00eda gaditana, siendo fronteriza con las provincias de Sevilla y M\u00e1laga.\" \/>\n<meta name=\"robots\" content=\"index, follow, max-snippet:-1, max-image-preview:large, max-video-preview:-1\" \/>\n<link rel=\"canonical\" href=\"https:\/\/grazalemaguide.com\/quehacerenlasierras\/olvera\/\" \/>\n<meta property=\"og:locale\" content=\"en_US\" \/>\n<meta property=\"og:type\" content=\"article\" \/>\n<meta property=\"og:title\" content=\"Olvera - Calendario de eventos en las sierras, serran\u00edas y sus pueblos\" \/>\n<meta property=\"og:description\" content=\"Puerta de la Ruta de los Pueblos Blancos,\u200b Olvera est\u00e1 situada al noreste de la serran\u00eda gaditana, siendo fronteriza con las provincias de Sevilla y M\u00e1laga.\" \/>\n<meta property=\"og:url\" content=\"https:\/\/grazalemaguide.com\/quehacerenlasierras\/olvera\/\" \/>\n<meta property=\"og:site_name\" content=\"Calendario de eventos en las sierras, serran\u00edas y sus pueblos\" \/>\n<meta property=\"article:publisher\" content=\"https:\/\/www.facebook.com\/wildsideholidays\/\" \/>\n<meta property=\"article:modified_time\" content=\"2020-06-17T11:15:47+00:00\" \/>\n<meta property=\"og:image\" content=\"https:\/\/grazalemaguide.com\/quehacerenlasierras\/wp-content\/uploads\/sites\/2\/2020\/06\/Olvera.jpg\" \/>\n\t<meta property=\"og:image:width\" content=\"1024\" \/>\n\t<meta property=\"og:image:height\" content=\"768\" \/>\n\t<meta property=\"og:image:type\" content=\"image\/jpeg\" \/>\n<meta name=\"twitter:card\" content=\"summary_large_image\" \/>\n<meta name=\"twitter:site\" content=\"@GrazalemaGuide\" \/>\n<meta name=\"twitter:label1\" content=\"Est. reading time\" \/>\n\t<meta name=\"twitter:data1\" content=\"5 minutes\" \/>\n<script type=\"application\/ld+json\" class=\"yoast-schema-graph\">{\"@context\":\"https:\\\/\\\/schema.org\",\"@graph\":[{\"@type\":\"WebPage\",\"@id\":\"https:\\\/\\\/grazalemaguide.com\\\/quehacerenlasierras\\\/olvera\\\/\",\"url\":\"https:\\\/\\\/grazalemaguide.com\\\/quehacerenlasierras\\\/olvera\\\/\",\"name\":\"Olvera - Calendario de eventos en las sierras, serran\u00edas y sus pueblos\",\"isPartOf\":{\"@id\":\"https:\\\/\\\/grazalemaguide.com\\\/quehacerenlasierras\\\/#website\"},\"primaryImageOfPage\":{\"@id\":\"https:\\\/\\\/grazalemaguide.com\\\/quehacerenlasierras\\\/olvera\\\/#primaryimage\"},\"image\":{\"@id\":\"https:\\\/\\\/grazalemaguide.com\\\/quehacerenlasierras\\\/olvera\\\/#primaryimage\"},\"thumbnailUrl\":\"https:\\\/\\\/grazalemaguide.com\\\/quehacerenlasierras\\\/wp-content\\\/uploads\\\/sites\\\/2\\\/2020\\\/06\\\/Olvera.jpg\",\"datePublished\":\"2020-06-17T11:02:44+00:00\",\"dateModified\":\"2020-06-17T11:15:47+00:00\",\"description\":\"Puerta de la Ruta de los Pueblos Blancos,\u200b Olvera est\u00e1 situada al noreste de la serran\u00eda gaditana, siendo fronteriza con las provincias de Sevilla y M\u00e1laga.\",\"breadcrumb\":{\"@id\":\"https:\\\/\\\/grazalemaguide.com\\\/quehacerenlasierras\\\/olvera\\\/#breadcrumb\"},\"inLanguage\":\"en-US\",\"potentialAction\":[{\"@type\":\"ReadAction\",\"target\":[\"https:\\\/\\\/grazalemaguide.com\\\/quehacerenlasierras\\\/olvera\\\/\"]}]},{\"@type\":\"ImageObject\",\"inLanguage\":\"en-US\",\"@id\":\"https:\\\/\\\/grazalemaguide.com\\\/quehacerenlasierras\\\/olvera\\\/#primaryimage\",\"url\":\"https:\\\/\\\/grazalemaguide.com\\\/quehacerenlasierras\\\/wp-content\\\/uploads\\\/sites\\\/2\\\/2020\\\/06\\\/Olvera.jpg\",\"contentUrl\":\"https:\\\/\\\/grazalemaguide.com\\\/quehacerenlasierras\\\/wp-content\\\/uploads\\\/sites\\\/2\\\/2020\\\/06\\\/Olvera.jpg\",\"width\":1024,\"height\":768,\"caption\":\"\\\"Puerta de la Ruta de los Pueblos Blancos\\\",\u200b Olvera est\u00e1 situada al noreste de la serran\u00eda gaditana, siendo fronteriza con las provincias de Sevilla y M\u00e1laga.\"},{\"@type\":\"BreadcrumbList\",\"@id\":\"https:\\\/\\\/grazalemaguide.com\\\/quehacerenlasierras\\\/olvera\\\/#breadcrumb\",\"itemListElement\":[{\"@type\":\"ListItem\",\"position\":1,\"name\":\"Home\",\"item\":\"https:\\\/\\\/grazalemaguide.com\\\/quehacerenlasierras\\\/\"},{\"@type\":\"ListItem\",\"position\":2,\"name\":\"Olvera\"}]},{\"@type\":\"WebSite\",\"@id\":\"https:\\\/\\\/grazalemaguide.com\\\/quehacerenlasierras\\\/#website\",\"url\":\"https:\\\/\\\/grazalemaguide.com\\\/quehacerenlasierras\\\/\",\"name\":\"Calendario de eventos en las sierras, serran\u00edas y sus pueblos\",\"description\":\"\u00bfQu\u00e9 hacer en las Sierras, Serran\u00edas y sus pueblos? Ferias, fiestas, recreaciones hist\u00f3ricas, rutas de tapas, teatro, rally, deportes, gu\u00edas y actividades\",\"publisher\":{\"@id\":\"https:\\\/\\\/grazalemaguide.com\\\/quehacerenlasierras\\\/#\\\/schema\\\/person\\\/f24688c26be666f9001ed7cb3d7d2e3a\"},\"potentialAction\":[{\"@type\":\"SearchAction\",\"target\":{\"@type\":\"EntryPoint\",\"urlTemplate\":\"https:\\\/\\\/grazalemaguide.com\\\/quehacerenlasierras\\\/?s={search_term_string}\"},\"query-input\":{\"@type\":\"PropertyValueSpecification\",\"valueRequired\":true,\"valueName\":\"search_term_string\"}}],\"inLanguage\":\"en-US\"},{\"@type\":[\"Person\",\"Organization\"],\"@id\":\"https:\\\/\\\/grazalemaguide.com\\\/quehacerenlasierras\\\/#\\\/schema\\\/person\\\/f24688c26be666f9001ed7cb3d7d2e3a\",\"name\":\"Clive Muir\",\"image\":{\"@type\":\"ImageObject\",\"inLanguage\":\"en-US\",\"@id\":\"https:\\\/\\\/secure.gravatar.com\\\/avatar\\\/0cd1ec277564b2e62b29d49d1c588efa39fbdeed25940f60cb667d96e5c29e1e?s=96&d=mm&r=g\",\"url\":\"https:\\\/\\\/secure.gravatar.com\\\/avatar\\\/0cd1ec277564b2e62b29d49d1c588efa39fbdeed25940f60cb667d96e5c29e1e?s=96&d=mm&r=g\",\"contentUrl\":\"https:\\\/\\\/secure.gravatar.com\\\/avatar\\\/0cd1ec277564b2e62b29d49d1c588efa39fbdeed25940f60cb667d96e5c29e1e?s=96&d=mm&r=g\",\"caption\":\"Clive Muir\"},\"logo\":{\"@id\":\"https:\\\/\\\/secure.gravatar.com\\\/avatar\\\/0cd1ec277564b2e62b29d49d1c588efa39fbdeed25940f60cb667d96e5c29e1e?s=96&d=mm&r=g\"},\"description\":\"I\u2019ve been living in this lovely area of Western Andalucia for the last 20 years or so and dedicate most of my time to the running of English language tourist information websites for the towns of C\u00e1diz, Ronda, Grazalema, the famous or infamous Caminito del Rey, and also Wildside Holidays, which promotes sustainable and eco-friendly businesses running wildlife and walking holidays in Spain. My articles contain affiliate links that will help you reserve a hotel, bus, train or activity in the area. You don't pay more, but by using them you do support this website. Thankyou!\",\"sameAs\":[\"https:\\\/\\\/grazalemaguide.com\\\/\",\"https:\\\/\\\/www.facebook.com\\\/wildsideholidays\\\/\",\"https:\\\/\\\/www.linkedin.com\\\/in\\\/wildsideholidays\\\/\",\"https:\\\/\\\/x.com\\\/https:\\\/\\\/twitter.com\\\/GrazalemaGuide\",\"https:\\\/\\\/www.youtube.com\\\/channel\\\/UC6VDf8hywG6O6F1wgMtfMDw\"]}]}<\/script>\n<!-- \/ Yoast SEO plugin. -->","yoast_head_json":{"title":"Olvera - Calendario de eventos en las sierras, serran\u00edas y sus pueblos","description":"Puerta de la Ruta de los Pueblos Blancos,\u200b Olvera est\u00e1 situada al noreste de la serran\u00eda gaditana, siendo fronteriza con las provincias de Sevilla y M\u00e1laga.","robots":{"index":"index","follow":"follow","max-snippet":"max-snippet:-1","max-image-preview":"max-image-preview:large","max-video-preview":"max-video-preview:-1"},"canonical":"https:\/\/grazalemaguide.com\/quehacerenlasierras\/olvera\/","og_locale":"en_US","og_type":"article","og_title":"Olvera - Calendario de eventos en las sierras, serran\u00edas y sus pueblos","og_description":"Puerta de la Ruta de los Pueblos Blancos,\u200b Olvera est\u00e1 situada al noreste de la serran\u00eda gaditana, siendo fronteriza con las provincias de Sevilla y M\u00e1laga.","og_url":"https:\/\/grazalemaguide.com\/quehacerenlasierras\/olvera\/","og_site_name":"Calendario de eventos en las sierras, serran\u00edas y sus pueblos","article_publisher":"https:\/\/www.facebook.com\/wildsideholidays\/","article_modified_time":"2020-06-17T11:15:47+00:00","og_image":[{"width":1024,"height":768,"url":"https:\/\/grazalemaguide.com\/quehacerenlasierras\/wp-content\/uploads\/sites\/2\/2020\/06\/Olvera.jpg","type":"image\/jpeg"}],"twitter_card":"summary_large_image","twitter_site":"@GrazalemaGuide","twitter_misc":{"Est. reading time":"5 minutes"},"schema":{"@context":"https:\/\/schema.org","@graph":[{"@type":"WebPage","@id":"https:\/\/grazalemaguide.com\/quehacerenlasierras\/olvera\/","url":"https:\/\/grazalemaguide.com\/quehacerenlasierras\/olvera\/","name":"Olvera - Calendario de eventos en las sierras, serran\u00edas y sus pueblos","isPartOf":{"@id":"https:\/\/grazalemaguide.com\/quehacerenlasierras\/#website"},"primaryImageOfPage":{"@id":"https:\/\/grazalemaguide.com\/quehacerenlasierras\/olvera\/#primaryimage"},"image":{"@id":"https:\/\/grazalemaguide.com\/quehacerenlasierras\/olvera\/#primaryimage"},"thumbnailUrl":"https:\/\/grazalemaguide.com\/quehacerenlasierras\/wp-content\/uploads\/sites\/2\/2020\/06\/Olvera.jpg","datePublished":"2020-06-17T11:02:44+00:00","dateModified":"2020-06-17T11:15:47+00:00","description":"Puerta de la Ruta de los Pueblos Blancos,\u200b Olvera est\u00e1 situada al noreste de la serran\u00eda gaditana, siendo fronteriza con las provincias de Sevilla y M\u00e1laga.","breadcrumb":{"@id":"https:\/\/grazalemaguide.com\/quehacerenlasierras\/olvera\/#breadcrumb"},"inLanguage":"en-US","potentialAction":[{"@type":"ReadAction","target":["https:\/\/grazalemaguide.com\/quehacerenlasierras\/olvera\/"]}]},{"@type":"ImageObject","inLanguage":"en-US","@id":"https:\/\/grazalemaguide.com\/quehacerenlasierras\/olvera\/#primaryimage","url":"https:\/\/grazalemaguide.com\/quehacerenlasierras\/wp-content\/uploads\/sites\/2\/2020\/06\/Olvera.jpg","contentUrl":"https:\/\/grazalemaguide.com\/quehacerenlasierras\/wp-content\/uploads\/sites\/2\/2020\/06\/Olvera.jpg","width":1024,"height":768,"caption":"\"Puerta de la Ruta de los Pueblos Blancos\",\u200b Olvera est\u00e1 situada al noreste de la serran\u00eda gaditana, siendo fronteriza con las provincias de Sevilla y M\u00e1laga."},{"@type":"BreadcrumbList","@id":"https:\/\/grazalemaguide.com\/quehacerenlasierras\/olvera\/#breadcrumb","itemListElement":[{"@type":"ListItem","position":1,"name":"Home","item":"https:\/\/grazalemaguide.com\/quehacerenlasierras\/"},{"@type":"ListItem","position":2,"name":"Olvera"}]},{"@type":"WebSite","@id":"https:\/\/grazalemaguide.com\/quehacerenlasierras\/#website","url":"https:\/\/grazalemaguide.com\/quehacerenlasierras\/","name":"Calendario de eventos en las sierras, serran\u00edas y sus pueblos","description":"\u00bfQu\u00e9 hacer en las Sierras, Serran\u00edas y sus pueblos? Ferias, fiestas, recreaciones hist\u00f3ricas, rutas de tapas, teatro, rally, deportes, gu\u00edas y actividades","publisher":{"@id":"https:\/\/grazalemaguide.com\/quehacerenlasierras\/#\/schema\/person\/f24688c26be666f9001ed7cb3d7d2e3a"},"potentialAction":[{"@type":"SearchAction","target":{"@type":"EntryPoint","urlTemplate":"https:\/\/grazalemaguide.com\/quehacerenlasierras\/?s={search_term_string}"},"query-input":{"@type":"PropertyValueSpecification","valueRequired":true,"valueName":"search_term_string"}}],"inLanguage":"en-US"},{"@type":["Person","Organization"],"@id":"https:\/\/grazalemaguide.com\/quehacerenlasierras\/#\/schema\/person\/f24688c26be666f9001ed7cb3d7d2e3a","name":"Clive Muir","image":{"@type":"ImageObject","inLanguage":"en-US","@id":"https:\/\/secure.gravatar.com\/avatar\/0cd1ec277564b2e62b29d49d1c588efa39fbdeed25940f60cb667d96e5c29e1e?s=96&d=mm&r=g","url":"https:\/\/secure.gravatar.com\/avatar\/0cd1ec277564b2e62b29d49d1c588efa39fbdeed25940f60cb667d96e5c29e1e?s=96&d=mm&r=g","contentUrl":"https:\/\/secure.gravatar.com\/avatar\/0cd1ec277564b2e62b29d49d1c588efa39fbdeed25940f60cb667d96e5c29e1e?s=96&d=mm&r=g","caption":"Clive Muir"},"logo":{"@id":"https:\/\/secure.gravatar.com\/avatar\/0cd1ec277564b2e62b29d49d1c588efa39fbdeed25940f60cb667d96e5c29e1e?s=96&d=mm&r=g"},"description":"I\u2019ve been living in this lovely area of Western Andalucia for the last 20 years or so and dedicate most of my time to the running of English language tourist information websites for the towns of C\u00e1diz, Ronda, Grazalema, the famous or infamous Caminito del Rey, and also Wildside Holidays, which promotes sustainable and eco-friendly businesses running wildlife and walking holidays in Spain. My articles contain affiliate links that will help you reserve a hotel, bus, train or activity in the area. You don't pay more, but by using them you do support this website. Thankyou!","sameAs":["https:\/\/grazalemaguide.com\/","https:\/\/www.facebook.com\/wildsideholidays\/","https:\/\/www.linkedin.com\/in\/wildsideholidays\/","https:\/\/x.com\/https:\/\/twitter.com\/GrazalemaGuide","https:\/\/www.youtube.com\/channel\/UC6VDf8hywG6O6F1wgMtfMDw"]}]}},"_links":{"self":[{"href":"https:\/\/grazalemaguide.com\/quehacerenlasierras\/wp-json\/wp\/v2\/pages\/444","targetHints":{"allow":["GET"]}}],"collection":[{"href":"https:\/\/grazalemaguide.com\/quehacerenlasierras\/wp-json\/wp\/v2\/pages"}],"about":[{"href":"https:\/\/grazalemaguide.com\/quehacerenlasierras\/wp-json\/wp\/v2\/types\/page"}],"author":[{"embeddable":true,"href":"https:\/\/grazalemaguide.com\/quehacerenlasierras\/wp-json\/wp\/v2\/users\/1"}],"replies":[{"embeddable":true,"href":"https:\/\/grazalemaguide.com\/quehacerenlasierras\/wp-json\/wp\/v2\/comments?post=444"}],"version-history":[{"count":0,"href":"https:\/\/grazalemaguide.com\/quehacerenlasierras\/wp-json\/wp\/v2\/pages\/444\/revisions"}],"wp:featuredmedia":[{"embeddable":true,"href":"https:\/\/grazalemaguide.com\/quehacerenlasierras\/wp-json\/wp\/v2\/media\/447"}],"wp:attachment":[{"href":"https:\/\/grazalemaguide.com\/quehacerenlasierras\/wp-json\/wp\/v2\/media?parent=444"}],"curies":[{"name":"wp","href":"https:\/\/api.w.org\/{rel}","templated":true}]}}