{"id":872,"date":"2020-10-08T11:00:20","date_gmt":"2020-10-08T09:00:20","guid":{"rendered":"http:\/\/grazalemaguide.com\/quehacerenlasierras\/?page_id=872"},"modified":"2020-10-08T11:00:20","modified_gmt":"2020-10-08T09:00:20","slug":"prado-del-rey","status":"publish","type":"page","link":"https:\/\/grazalemaguide.com\/quehacerenlasierras\/prado-del-rey\/","title":{"rendered":"Prado del Rey"},"content":{"rendered":"\n<div class=\"wp-block-image\"><figure class=\"alignleft size-large\"><img loading=\"lazy\" decoding=\"async\" width=\"250\" height=\"435\" src=\"https:\/\/grazalemaguide.com\/quehacerenlasierras\/wp-content\/uploads\/sites\/2\/2020\/10\/Escudo-Prado-del-Rey.jpg\" alt=\"Escudo Prado del Rey\" class=\"wp-image-869\" srcset=\"https:\/\/grazalemaguide.com\/quehacerenlasierras\/wp-content\/uploads\/sites\/2\/2020\/10\/Escudo-Prado-del-Rey.jpg 250w, https:\/\/grazalemaguide.com\/quehacerenlasierras\/wp-content\/uploads\/sites\/2\/2020\/10\/Escudo-Prado-del-Rey-172x300.jpg 172w\" sizes=\"auto, (max-width: 250px) 100vw, 250px\" \/><figcaption>De Miguel Angel fotografo(Taller de Her\u00e1ldica y <br>Vexilolog\u00eda in the Spanish Wikipedia ) &#8211; Trabajo propio, <br>CC BY-SA 4.0, <br>https:\/\/commons.wikimedia.org\/w\/index.php?<br>curid=3999925<\/figcaption><\/figure><\/div>\n\n\n\n<p>Prado del Rey es un pueblo andaluz situado en el nordeste de la provincia de C\u00e1diz, muy pr\u00f3ximo al l\u00edmite de la provincia de Sevilla por el norte y de M\u00e1laga por el este, lo que da lugar a una situaci\u00f3n de f\u00e1cil acceso, tanto por carreteras provenientes de Sevilla (carretera Las Cabezas-Ubrique), como por carreteras provenientes de Ronda y Jerez o Arcos de la Frontera. Est\u00e1 situado a los pies del sistema Subb\u00e9tico, entre la campi\u00f1a jerezana y la <a href=\"https:\/\/grazalemaguide.com\/quehacerenlasierras\/la-sierra-de-grazalema-y-su-entorno-natural\/\">Sierra de Grazalema<\/a>, en el sitio llamado puerto de Alcaudete, a una altitud media de 431 m sobre el nivel del mar.<\/p>\n\n\n\n<p>El enclave de Prado del Rey es excepcional. Situado en las estribaciones, ya alejadas y en declive de la Serran\u00eda de Ronda, est\u00e1 flanqueado por dos elevaciones monta\u00f1osas: el cerro Verdugo y Las Lomas.<\/p>\n\n\n\n<p>Desde el mismo pueblo se pueden observar las sierras de <a href=\"https:\/\/grazalemaguide.com\/quehacerenlasierras\/algodonales\/\">Algodonales<\/a>, Zafalgar o Margarita, del Pinar o San Cristobal, con sus 1.654 metros, y en cuya vertiente norte radica uno de los pocos viveros nutridos con miles de ejemplares del <a href=\"https:\/\/grazalemaguide.com\/quehacerenlasierras\/el-pinsapo-abies-pinsapo-el-arbol-mas-emblematico-en-las-sierras-y-serrania\/\">Abies Pinsapo<\/a> existentes en Europa Central; la de la Silla, de Ubrique, y la del Aljibe, entre los pueblos de Algar y Alcal\u00e1 de los Gazules; en perspectivas lejanas, se alcanzan las sierras de Montellano, Coripe y Mor\u00f3n, en la provincia de Sevilla.<\/p>\n\n\n\n<h2 class=\"has-medium-font-size wp-block-heading\">Alojamientos en Prado del Rey<\/h2>\n\n\n<p>[booking_product_helper shortname=&#8221;prado del rey&#8221;]<\/p>\n\n\n\n<hr class=\"wp-block-separator has-text-color has-background has-green-background-color has-green-color\"\/>\n\n\n\n<h2 class=\"has-medium-font-size wp-block-heading\">Ayuntamiento<\/h2>\n\n\n\n<p>Web: <a href=\"https:\/\/www.pradodelrey.es\/\" target=\"_blank\" rel=\"noreferrer noopener\">https:\/\/www.pradodelrey.es\/<\/a><br>Facebook: <a href=\"https:\/\/www.facebook.com\/Ayto.Prado.del.Rey\" target=\"_blank\" rel=\"noreferrer noopener\">https:\/\/www.facebook.com\/Ayto.Prado.del.Rey<\/a><\/p>\n\n\n\n<h2 class=\"has-medium-font-size wp-block-heading\">Dentro del casco urbano de Prado del Rey destacan edificios como:<\/h2>\n\n\n\n<ul class=\"wp-block-list\"><li>Parroquia del Carmen en Prado del Rey<\/li><li>Parque Infantil, como zona de ocio, en la calle El Veguino, un lugar ajardinado en el cual podemos encontrar un estanque y un peque\u00f1o zoo, adem\u00e1s de mesas de pic-nic y atracciones, como columpios, para los m\u00e1s peque\u00f1os.<\/li><li>P\u00f3sito de Labradores, edificio del siglo XVIII que sirvi\u00f3 en su d\u00eda para almacenar los cereales tras la cosecha, sito en la calle Fuente.<\/li><li>La Iglesia Parroquial de Nuestra Se\u00f1ora del Carmen, en la plaza de la Constituci\u00f3n, edificio neocl\u00e1sico del siglo XIX que alberga la imagen de la Patrona4\u200b. Destaca el retablo mayor procedente de la Iglesia de la Encarnaci\u00f3n de Arcos de la Frontera.<\/li><li>Centro de Interpretaci\u00f3n Etnogr\u00e1fica de la Sierra de C\u00e1diz, en la calle Juan Ram\u00f3n Jim\u00e9nez5\u200b. Visitable concertando la con la Oficina Municipal de Turismo, permite observar una peque\u00f1a colecci\u00f3n de objetos arqueol\u00f3gicos hallados en la zona.<\/li><li>Es destacable el planeamiento urban\u00edstico del pueblo, con calles lineales y manzanas cuadriculadas, caracter\u00edstica de las nuevas poblaciones carolinas. Tambi\u00e9n encontramos diversas fuentes de agua de cierto valor etnogr\u00e1fico entre las cuales destacan las fuentes de All\u00e1 y la de Ac\u00e1, y la fuente del Pilar.<\/li><\/ul>\n\n\n\n<h2 class=\"has-medium-font-size wp-block-heading\">Gu\u00eda de Turismo de Prado del Rey &#8220;El Jard\u00edn Ilustrado&#8221;<\/h2>\n\n\n\n<figure class=\"wp-block-embed-youtube wp-block-embed is-type-video is-provider-youtube wp-embed-aspect-16-9 wp-has-aspect-ratio\"><div class=\"wp-block-embed__wrapper\">\n<iframe loading=\"lazy\" title=\"Gu\u00eda de Turismo de Prado del Rey &quot;El Jard\u00edn Ilustrado&quot;\" width=\"474\" height=\"267\" src=\"https:\/\/www.youtube.com\/embed\/bjaqVFxXP9Q\" frameborder=\"0\" allow=\"accelerometer; autoplay; clipboard-write; encrypted-media; gyroscope; picture-in-picture; web-share\" referrerpolicy=\"strict-origin-when-cross-origin\" allowfullscreen><\/iframe>\n<\/div><\/figure>\n\n\n\n<hr class=\"wp-block-separator has-text-color has-background has-green-background-color has-green-color\"\/>\n\n\n\n<figure class=\"wp-block-image size-large\"><img loading=\"lazy\" decoding=\"async\" width=\"1024\" height=\"326\" src=\"https:\/\/grazalemaguide.com\/quehacerenlasierras\/wp-content\/uploads\/sites\/2\/2020\/10\/Prado-del-rey-map.jpg\" alt=\"Prado del Rey - Guia mapa del pueblo\" class=\"wp-image-870\" srcset=\"https:\/\/grazalemaguide.com\/quehacerenlasierras\/wp-content\/uploads\/sites\/2\/2020\/10\/Prado-del-rey-map.jpg 1024w, https:\/\/grazalemaguide.com\/quehacerenlasierras\/wp-content\/uploads\/sites\/2\/2020\/10\/Prado-del-rey-map-300x96.jpg 300w, https:\/\/grazalemaguide.com\/quehacerenlasierras\/wp-content\/uploads\/sites\/2\/2020\/10\/Prado-del-rey-map-768x245.jpg 768w\" sizes=\"auto, (max-width: 1024px) 100vw, 1024px\" \/><figcaption>Prado del Rey &#8211; Guia mapa del pueblo<\/figcaption><\/figure>\n\n\n\n<hr class=\"wp-block-separator has-text-color has-background has-green-background-color has-green-color\"\/>\n\n\n\n<h2 class=\"has-medium-font-size wp-block-heading\">Iptuci<\/h2>\n\n\n\n<p>Iptuci, es una antigua ciudad romana que data del siglo II d.C., llegando a acu\u00f1ar moneda propia. <strong>Actualmente no es visitable al encontrarse los restos en una propiedad privada.<\/strong><\/p>\n\n\n\n<h2 class=\"has-medium-font-size wp-block-heading\">Las Salinas de Iptuci<\/h2>\n\n\n\n<p>Las Salinas de Iptuci datan de la edad de bronce y actualmente son las \u00faltimas salinas de interior que se mantienen en funcionamiento. Los fenicios ampliaron su estructura para la conservaci\u00f3n de alimentos a gran escala, la cual formaba la base econ\u00f3mica de la antigua ciudad romana de Iptuci. A lo largo de los a\u00f1os estas salinas se han ido aprovechando, siendo su actividad documentada por primera vez en el s. XIV en el reinado de Alfonso XI<\/p>\n\n\n\n<p><strong>Salinas Romanas de Iptuci.<\/strong><br>Ctra. Arcos-El Bosque, km. 24,7, 11660 Prado del Rey, C\u00e1diz<br>Tel: 639 46 75 12<\/p>\n\n\n\n<h2 class=\"has-medium-font-size wp-block-heading\">Fiestas<\/h2>\n\n\n\n<ul class=\"wp-block-list\"><li>Semana Santa, en marzo o abril.<\/li><li>Fiesta del Caballo, en marzo.<\/li><li>Romer\u00eda de San Isidro Labrador, en mayo.<\/li><li>Corpus Christi, en junio.<\/li><li>Velada de Nuestra Se\u00f1ora del Carmen, en julio.<\/li><li>Concurso Nacional de Cante por Serranas, en agosto.<\/li><li>Feria de Ganado, en septiembre.<\/li><li>Feria de la miel, en octubre<\/li><\/ul>\n\n\n\n<hr class=\"wp-block-separator has-text-color has-background has-green-background-color has-green-color\"\/>\n\n\n\n<p>\u00bfQu\u00e9 hacer en las Sierras, Serran\u00edas y sus pueblos?<\/p>\n\n\n\n<p>Ferias, fiestas, recreaciones hist\u00f3ricas, rutas de tapas, teatro, rally, deportes, gu\u00edas y actividades<\/p>\n\n\n\n<p><a href=\"https:\/\/grazalemaguide.com\/quehacerenlasierras\/\">Ver el Calendario de Eventos aqui.<\/a><\/p>\n","protected":false},"excerpt":{"rendered":"<p>Prado del Rey es un pueblo andaluz situado en el nordeste de la provincia de C\u00e1diz, muy pr\u00f3ximo al l\u00edmite de la provincia de Sevilla por el norte y de M\u00e1laga por el este, lo que da lugar a una situaci\u00f3n de f\u00e1cil acceso, tanto por carreteras provenientes de Sevilla (carretera Las Cabezas-Ubrique), como por &hellip; <a href=\"https:\/\/grazalemaguide.com\/quehacerenlasierras\/prado-del-rey\/\" class=\"more-link\">Continue reading <span class=\"screen-reader-text\">Prado del Rey<\/span> <span class=\"meta-nav\">&rarr;<\/span><\/a><\/p>\n","protected":false},"author":1,"featured_media":871,"parent":0,"menu_order":0,"comment_status":"open","ping_status":"closed","template":"","meta":{"footnotes":""},"class_list":["post-872","page","type-page","status-publish","has-post-thumbnail","hentry"],"yoast_head":"<!-- This site is optimized with the Yoast SEO plugin v27.5 - https:\/\/yoast.com\/product\/yoast-seo-wordpress\/ -->\n<title>Prado del Rey - Calendario de eventos en las sierras, serran\u00edas y sus pueblos<\/title>\n<meta name=\"description\" content=\"El enclave de Prado del Rey es excepcional. Situado en las estribaciones, ya alejadas y en declive de la Serran\u00eda de Ronda\" \/>\n<meta name=\"robots\" content=\"index, follow, max-snippet:-1, max-image-preview:large, max-video-preview:-1\" \/>\n<link rel=\"canonical\" href=\"https:\/\/grazalemaguide.com\/quehacerenlasierras\/prado-del-rey\/\" \/>\n<meta property=\"og:locale\" content=\"en_US\" \/>\n<meta property=\"og:type\" content=\"article\" \/>\n<meta property=\"og:title\" content=\"Prado del Rey - Calendario de eventos en las sierras, serran\u00edas y sus pueblos\" \/>\n<meta property=\"og:description\" content=\"El enclave de Prado del Rey es excepcional. Situado en las estribaciones, ya alejadas y en declive de la Serran\u00eda de Ronda\" \/>\n<meta property=\"og:url\" content=\"https:\/\/grazalemaguide.com\/quehacerenlasierras\/prado-del-rey\/\" \/>\n<meta property=\"og:site_name\" content=\"Calendario de eventos en las sierras, serran\u00edas y sus pueblos\" \/>\n<meta property=\"article:publisher\" content=\"https:\/\/www.facebook.com\/wildsideholidays\/\" \/>\n<meta property=\"og:image\" content=\"https:\/\/grazalemaguide.com\/quehacerenlasierras\/wp-content\/uploads\/sites\/2\/2020\/10\/Prado-del-Rey.jpg\" \/>\n\t<meta property=\"og:image:width\" content=\"1024\" \/>\n\t<meta property=\"og:image:height\" content=\"512\" \/>\n\t<meta property=\"og:image:type\" content=\"image\/jpeg\" \/>\n<meta name=\"twitter:card\" content=\"summary_large_image\" \/>\n<meta name=\"twitter:site\" content=\"@GrazalemaGuide\" \/>\n<meta name=\"twitter:label1\" content=\"Est. reading time\" \/>\n\t<meta name=\"twitter:data1\" content=\"4 minutes\" \/>\n<script type=\"application\/ld+json\" class=\"yoast-schema-graph\">{\"@context\":\"https:\\\/\\\/schema.org\",\"@graph\":[{\"@type\":\"WebPage\",\"@id\":\"https:\\\/\\\/grazalemaguide.com\\\/quehacerenlasierras\\\/prado-del-rey\\\/\",\"url\":\"https:\\\/\\\/grazalemaguide.com\\\/quehacerenlasierras\\\/prado-del-rey\\\/\",\"name\":\"Prado del Rey - Calendario de eventos en las sierras, serran\u00edas y sus pueblos\",\"isPartOf\":{\"@id\":\"https:\\\/\\\/grazalemaguide.com\\\/quehacerenlasierras\\\/#website\"},\"primaryImageOfPage\":{\"@id\":\"https:\\\/\\\/grazalemaguide.com\\\/quehacerenlasierras\\\/prado-del-rey\\\/#primaryimage\"},\"image\":{\"@id\":\"https:\\\/\\\/grazalemaguide.com\\\/quehacerenlasierras\\\/prado-del-rey\\\/#primaryimage\"},\"thumbnailUrl\":\"https:\\\/\\\/grazalemaguide.com\\\/quehacerenlasierras\\\/wp-content\\\/uploads\\\/sites\\\/2\\\/2020\\\/10\\\/Prado-del-Rey.jpg\",\"datePublished\":\"2020-10-08T09:00:20+00:00\",\"description\":\"El enclave de Prado del Rey es excepcional. Situado en las estribaciones, ya alejadas y en declive de la Serran\u00eda de Ronda\",\"breadcrumb\":{\"@id\":\"https:\\\/\\\/grazalemaguide.com\\\/quehacerenlasierras\\\/prado-del-rey\\\/#breadcrumb\"},\"inLanguage\":\"en-US\",\"potentialAction\":[{\"@type\":\"ReadAction\",\"target\":[\"https:\\\/\\\/grazalemaguide.com\\\/quehacerenlasierras\\\/prado-del-rey\\\/\"]}]},{\"@type\":\"ImageObject\",\"inLanguage\":\"en-US\",\"@id\":\"https:\\\/\\\/grazalemaguide.com\\\/quehacerenlasierras\\\/prado-del-rey\\\/#primaryimage\",\"url\":\"https:\\\/\\\/grazalemaguide.com\\\/quehacerenlasierras\\\/wp-content\\\/uploads\\\/sites\\\/2\\\/2020\\\/10\\\/Prado-del-Rey.jpg\",\"contentUrl\":\"https:\\\/\\\/grazalemaguide.com\\\/quehacerenlasierras\\\/wp-content\\\/uploads\\\/sites\\\/2\\\/2020\\\/10\\\/Prado-del-Rey.jpg\",\"width\":1024,\"height\":512,\"caption\":\"El enclave de Prado del Rey es excepcional. Situado en las estribaciones, ya alejadas y en declive de la Serran\u00eda de Ronda\"},{\"@type\":\"BreadcrumbList\",\"@id\":\"https:\\\/\\\/grazalemaguide.com\\\/quehacerenlasierras\\\/prado-del-rey\\\/#breadcrumb\",\"itemListElement\":[{\"@type\":\"ListItem\",\"position\":1,\"name\":\"Home\",\"item\":\"https:\\\/\\\/grazalemaguide.com\\\/quehacerenlasierras\\\/\"},{\"@type\":\"ListItem\",\"position\":2,\"name\":\"Prado del Rey\"}]},{\"@type\":\"WebSite\",\"@id\":\"https:\\\/\\\/grazalemaguide.com\\\/quehacerenlasierras\\\/#website\",\"url\":\"https:\\\/\\\/grazalemaguide.com\\\/quehacerenlasierras\\\/\",\"name\":\"Calendario de eventos en las sierras, serran\u00edas y sus pueblos\",\"description\":\"\u00bfQu\u00e9 hacer en las Sierras, Serran\u00edas y sus pueblos? Ferias, fiestas, recreaciones hist\u00f3ricas, rutas de tapas, teatro, rally, deportes, gu\u00edas y actividades\",\"publisher\":{\"@id\":\"https:\\\/\\\/grazalemaguide.com\\\/quehacerenlasierras\\\/#\\\/schema\\\/person\\\/f24688c26be666f9001ed7cb3d7d2e3a\"},\"potentialAction\":[{\"@type\":\"SearchAction\",\"target\":{\"@type\":\"EntryPoint\",\"urlTemplate\":\"https:\\\/\\\/grazalemaguide.com\\\/quehacerenlasierras\\\/?s={search_term_string}\"},\"query-input\":{\"@type\":\"PropertyValueSpecification\",\"valueRequired\":true,\"valueName\":\"search_term_string\"}}],\"inLanguage\":\"en-US\"},{\"@type\":[\"Person\",\"Organization\"],\"@id\":\"https:\\\/\\\/grazalemaguide.com\\\/quehacerenlasierras\\\/#\\\/schema\\\/person\\\/f24688c26be666f9001ed7cb3d7d2e3a\",\"name\":\"Clive Muir\",\"image\":{\"@type\":\"ImageObject\",\"inLanguage\":\"en-US\",\"@id\":\"https:\\\/\\\/secure.gravatar.com\\\/avatar\\\/0cd1ec277564b2e62b29d49d1c588efa39fbdeed25940f60cb667d96e5c29e1e?s=96&d=mm&r=g\",\"url\":\"https:\\\/\\\/secure.gravatar.com\\\/avatar\\\/0cd1ec277564b2e62b29d49d1c588efa39fbdeed25940f60cb667d96e5c29e1e?s=96&d=mm&r=g\",\"contentUrl\":\"https:\\\/\\\/secure.gravatar.com\\\/avatar\\\/0cd1ec277564b2e62b29d49d1c588efa39fbdeed25940f60cb667d96e5c29e1e?s=96&d=mm&r=g\",\"caption\":\"Clive Muir\"},\"logo\":{\"@id\":\"https:\\\/\\\/secure.gravatar.com\\\/avatar\\\/0cd1ec277564b2e62b29d49d1c588efa39fbdeed25940f60cb667d96e5c29e1e?s=96&d=mm&r=g\"},\"description\":\"I\u2019ve been living in this lovely area of Western Andalucia for the last 20 years or so and dedicate most of my time to the running of English language tourist information websites for the towns of C\u00e1diz, Ronda, Grazalema, the famous or infamous Caminito del Rey, and also Wildside Holidays, which promotes sustainable and eco-friendly businesses running wildlife and walking holidays in Spain. My articles contain affiliate links that will help you reserve a hotel, bus, train or activity in the area. You don't pay more, but by using them you do support this website. Thankyou!\",\"sameAs\":[\"https:\\\/\\\/grazalemaguide.com\\\/\",\"https:\\\/\\\/www.facebook.com\\\/wildsideholidays\\\/\",\"https:\\\/\\\/www.linkedin.com\\\/in\\\/wildsideholidays\\\/\",\"https:\\\/\\\/x.com\\\/https:\\\/\\\/twitter.com\\\/GrazalemaGuide\",\"https:\\\/\\\/www.youtube.com\\\/channel\\\/UC6VDf8hywG6O6F1wgMtfMDw\"]}]}<\/script>\n<!-- \/ Yoast SEO plugin. -->","yoast_head_json":{"title":"Prado del Rey - Calendario de eventos en las sierras, serran\u00edas y sus pueblos","description":"El enclave de Prado del Rey es excepcional. Situado en las estribaciones, ya alejadas y en declive de la Serran\u00eda de Ronda","robots":{"index":"index","follow":"follow","max-snippet":"max-snippet:-1","max-image-preview":"max-image-preview:large","max-video-preview":"max-video-preview:-1"},"canonical":"https:\/\/grazalemaguide.com\/quehacerenlasierras\/prado-del-rey\/","og_locale":"en_US","og_type":"article","og_title":"Prado del Rey - Calendario de eventos en las sierras, serran\u00edas y sus pueblos","og_description":"El enclave de Prado del Rey es excepcional. Situado en las estribaciones, ya alejadas y en declive de la Serran\u00eda de Ronda","og_url":"https:\/\/grazalemaguide.com\/quehacerenlasierras\/prado-del-rey\/","og_site_name":"Calendario de eventos en las sierras, serran\u00edas y sus pueblos","article_publisher":"https:\/\/www.facebook.com\/wildsideholidays\/","og_image":[{"width":1024,"height":512,"url":"https:\/\/grazalemaguide.com\/quehacerenlasierras\/wp-content\/uploads\/sites\/2\/2020\/10\/Prado-del-Rey.jpg","type":"image\/jpeg"}],"twitter_card":"summary_large_image","twitter_site":"@GrazalemaGuide","twitter_misc":{"Est. reading time":"4 minutes"},"schema":{"@context":"https:\/\/schema.org","@graph":[{"@type":"WebPage","@id":"https:\/\/grazalemaguide.com\/quehacerenlasierras\/prado-del-rey\/","url":"https:\/\/grazalemaguide.com\/quehacerenlasierras\/prado-del-rey\/","name":"Prado del Rey - Calendario de eventos en las sierras, serran\u00edas y sus pueblos","isPartOf":{"@id":"https:\/\/grazalemaguide.com\/quehacerenlasierras\/#website"},"primaryImageOfPage":{"@id":"https:\/\/grazalemaguide.com\/quehacerenlasierras\/prado-del-rey\/#primaryimage"},"image":{"@id":"https:\/\/grazalemaguide.com\/quehacerenlasierras\/prado-del-rey\/#primaryimage"},"thumbnailUrl":"https:\/\/grazalemaguide.com\/quehacerenlasierras\/wp-content\/uploads\/sites\/2\/2020\/10\/Prado-del-Rey.jpg","datePublished":"2020-10-08T09:00:20+00:00","description":"El enclave de Prado del Rey es excepcional. Situado en las estribaciones, ya alejadas y en declive de la Serran\u00eda de Ronda","breadcrumb":{"@id":"https:\/\/grazalemaguide.com\/quehacerenlasierras\/prado-del-rey\/#breadcrumb"},"inLanguage":"en-US","potentialAction":[{"@type":"ReadAction","target":["https:\/\/grazalemaguide.com\/quehacerenlasierras\/prado-del-rey\/"]}]},{"@type":"ImageObject","inLanguage":"en-US","@id":"https:\/\/grazalemaguide.com\/quehacerenlasierras\/prado-del-rey\/#primaryimage","url":"https:\/\/grazalemaguide.com\/quehacerenlasierras\/wp-content\/uploads\/sites\/2\/2020\/10\/Prado-del-Rey.jpg","contentUrl":"https:\/\/grazalemaguide.com\/quehacerenlasierras\/wp-content\/uploads\/sites\/2\/2020\/10\/Prado-del-Rey.jpg","width":1024,"height":512,"caption":"El enclave de Prado del Rey es excepcional. Situado en las estribaciones, ya alejadas y en declive de la Serran\u00eda de Ronda"},{"@type":"BreadcrumbList","@id":"https:\/\/grazalemaguide.com\/quehacerenlasierras\/prado-del-rey\/#breadcrumb","itemListElement":[{"@type":"ListItem","position":1,"name":"Home","item":"https:\/\/grazalemaguide.com\/quehacerenlasierras\/"},{"@type":"ListItem","position":2,"name":"Prado del Rey"}]},{"@type":"WebSite","@id":"https:\/\/grazalemaguide.com\/quehacerenlasierras\/#website","url":"https:\/\/grazalemaguide.com\/quehacerenlasierras\/","name":"Calendario de eventos en las sierras, serran\u00edas y sus pueblos","description":"\u00bfQu\u00e9 hacer en las Sierras, Serran\u00edas y sus pueblos? Ferias, fiestas, recreaciones hist\u00f3ricas, rutas de tapas, teatro, rally, deportes, gu\u00edas y actividades","publisher":{"@id":"https:\/\/grazalemaguide.com\/quehacerenlasierras\/#\/schema\/person\/f24688c26be666f9001ed7cb3d7d2e3a"},"potentialAction":[{"@type":"SearchAction","target":{"@type":"EntryPoint","urlTemplate":"https:\/\/grazalemaguide.com\/quehacerenlasierras\/?s={search_term_string}"},"query-input":{"@type":"PropertyValueSpecification","valueRequired":true,"valueName":"search_term_string"}}],"inLanguage":"en-US"},{"@type":["Person","Organization"],"@id":"https:\/\/grazalemaguide.com\/quehacerenlasierras\/#\/schema\/person\/f24688c26be666f9001ed7cb3d7d2e3a","name":"Clive Muir","image":{"@type":"ImageObject","inLanguage":"en-US","@id":"https:\/\/secure.gravatar.com\/avatar\/0cd1ec277564b2e62b29d49d1c588efa39fbdeed25940f60cb667d96e5c29e1e?s=96&d=mm&r=g","url":"https:\/\/secure.gravatar.com\/avatar\/0cd1ec277564b2e62b29d49d1c588efa39fbdeed25940f60cb667d96e5c29e1e?s=96&d=mm&r=g","contentUrl":"https:\/\/secure.gravatar.com\/avatar\/0cd1ec277564b2e62b29d49d1c588efa39fbdeed25940f60cb667d96e5c29e1e?s=96&d=mm&r=g","caption":"Clive Muir"},"logo":{"@id":"https:\/\/secure.gravatar.com\/avatar\/0cd1ec277564b2e62b29d49d1c588efa39fbdeed25940f60cb667d96e5c29e1e?s=96&d=mm&r=g"},"description":"I\u2019ve been living in this lovely area of Western Andalucia for the last 20 years or so and dedicate most of my time to the running of English language tourist information websites for the towns of C\u00e1diz, Ronda, Grazalema, the famous or infamous Caminito del Rey, and also Wildside Holidays, which promotes sustainable and eco-friendly businesses running wildlife and walking holidays in Spain. My articles contain affiliate links that will help you reserve a hotel, bus, train or activity in the area. You don't pay more, but by using them you do support this website. Thankyou!","sameAs":["https:\/\/grazalemaguide.com\/","https:\/\/www.facebook.com\/wildsideholidays\/","https:\/\/www.linkedin.com\/in\/wildsideholidays\/","https:\/\/x.com\/https:\/\/twitter.com\/GrazalemaGuide","https:\/\/www.youtube.com\/channel\/UC6VDf8hywG6O6F1wgMtfMDw"]}]}},"_links":{"self":[{"href":"https:\/\/grazalemaguide.com\/quehacerenlasierras\/wp-json\/wp\/v2\/pages\/872","targetHints":{"allow":["GET"]}}],"collection":[{"href":"https:\/\/grazalemaguide.com\/quehacerenlasierras\/wp-json\/wp\/v2\/pages"}],"about":[{"href":"https:\/\/grazalemaguide.com\/quehacerenlasierras\/wp-json\/wp\/v2\/types\/page"}],"author":[{"embeddable":true,"href":"https:\/\/grazalemaguide.com\/quehacerenlasierras\/wp-json\/wp\/v2\/users\/1"}],"replies":[{"embeddable":true,"href":"https:\/\/grazalemaguide.com\/quehacerenlasierras\/wp-json\/wp\/v2\/comments?post=872"}],"version-history":[{"count":0,"href":"https:\/\/grazalemaguide.com\/quehacerenlasierras\/wp-json\/wp\/v2\/pages\/872\/revisions"}],"wp:featuredmedia":[{"embeddable":true,"href":"https:\/\/grazalemaguide.com\/quehacerenlasierras\/wp-json\/wp\/v2\/media\/871"}],"wp:attachment":[{"href":"https:\/\/grazalemaguide.com\/quehacerenlasierras\/wp-json\/wp\/v2\/media?parent=872"}],"curies":[{"name":"wp","href":"https:\/\/api.w.org\/{rel}","templated":true}]}}